{"id":12313,"date":"2024-04-24T12:30:59","date_gmt":"2024-04-24T10:30:59","guid":{"rendered":"https:\/\/www.dinardemeraudetourisme.com\/erlebnisse\/"},"modified":"2025-02-04T12:13:23","modified_gmt":"2025-02-04T11:13:23","slug":"die-grossen-sommerveranstaltungen-in-dinard-cote-demeraude","status":"publish","type":"experiences","link":"https:\/\/www.dinardemeraudetourisme.com\/de\/erlebnisse\/mit-der-familie\/die-grossen-sommerveranstaltungen-in-dinard-cote-demeraude\/","title":{"rendered":"Die gro\u00dfen Sommerveranstaltungen in Dinard C\u00f4te d&#8217;\u00c9meraude"},"content":{"rendered":"\n<p>Entdecken Sie die gro\u00dfen Sommerveranstaltungen in Dinard C\u00f4te d\u2019\u00c9meraude! Ob Sie sich f\u00fcr Musik, Kultur oder Outdoor-Aktivit\u00e4ten begeistern, Dinard bietet Ihnen ein Sommerprogramm voller Emotionen und Unterhaltung. Kommen Sie zu uns und erleben Sie gesellige Momente w\u00e4hrend der Sommerfeste in Dinard C\u00f4te d&#8217;\u00c9meraude!<\/p>\n\n\n\n<h2 class=\"wp-block-heading\">Konzerte und Festivals<\/h2>\n\n\n\n<p>W\u00e4hrend der Sommermonate wird die Smaragdk\u00fcste mit den Kl\u00e4ngen von Musikfestivals und Konzerten zum Leben erweckt. Tats\u00e4chlich investieren lokale und internationale K\u00fcnstler in Dinard und an der Smaragdk\u00fcste und schaffen so eine fesselnde musikalische Atmosph\u00e4re. Ob Jazz, Klassik oder popul\u00e4re Konzerte, in dieser musikalischen Vielfalt wird jeder f\u00fcndig!<\/p>\n\n\n<section class=\"acf cards-grid align wp-block-acf-cards-grid\" id=\"block_b7b184e146597f2fcdb7ea65285174e1\">\n\t<div class=\"container\">\n\t\t\t\t\t\t\t\t\t\t\t<div class=\"cards two-cards\">\n\t\t\t\t\t\t\t\t\t\t\t\t<div class=\"card swiper-slide hover-active\">\n\t\t\t\t\t\t\t\t\t\t\t\t\t<div class=\"background-image\">\n\t\t\t\t\t\t\t\t<picture>\n\t\t\t\t\t\t\t\t\t<source type=\"image\/webp\" srcset=\"https:\/\/www.dinardemeraudetourisme.com\/app\/uploads\/2024\/04\/batterie-concert-1024x683.webp, https:\/\/www.dinardemeraudetourisme.com\/app\/uploads\/2024\/04\/batterie-concert-1024x683@2x.webp 2x\" media=\"(max-width: 425px)\">\n\t\t\t\t\t\t\t\t\t<source type=\"image\/jpeg\" srcset=\"https:\/\/www.dinardemeraudetourisme.com\/app\/uploads\/2024\/04\/batterie-concert-1024x683.jpg, https:\/\/www.dinardemeraudetourisme.com\/app\/uploads\/2024\/04\/batterie-concert-1024x683@2x.jpg 2x\" media=\"(max-width: 425px)\">\n\t\t\t\t\t\t\t\t\t<source type=\"image\/webp\" srcset=\"https:\/\/www.dinardemeraudetourisme.com\/app\/uploads\/2024\/04\/batterie-concert-1024x683.webp, https:\/\/www.dinardemeraudetourisme.com\/app\/uploads\/2024\/04\/batterie-concert-1024x683@2x.webp 2x\">\n\t\t\t\t\t\t\t\t\t<source type=\"image\/jpeg\" srcset=\"https:\/\/www.dinardemeraudetourisme.com\/app\/uploads\/2024\/04\/batterie-concert-1024x683.jpg, https:\/\/www.dinardemeraudetourisme.com\/app\/uploads\/2024\/04\/batterie-concert-1024x683@2x.jpg 2x\" media=\"(min-width: 426px)\">\n\t\t\t\t\t\t\t\t\t<img fetchpriority=\"high\" decoding=\"async\" loading=\"eager\" src=\"https:\/\/www.dinardemeraudetourisme.com\/app\/uploads\/2024\/04\/batterie-concert-1024x683.jpg\" alt=\"\" width=\"360\" height=\"600\"\/>\n\t\t\t\t\t\t\t\t<\/picture>\n\t\t\t\t\t\t\t<\/div>\n\t\t\t\t\t\t\t\t\t\t\t\t<div class=\"content\">\n\t\t\t\t\t\t\t<div class=\"inner\">\n\t\t\t\t\t\t\t\t\t\t\t\t\t\t\t\t\t\t\t\t\t\t\t\t\t<h5 class=\"titre\">Festival Dinard Opening<\/h5>\n\t\t\t\t\t\t\t\t\t\t\t\t\t\t\t\t\t\t\t\t\t\t\t\t\t<div class=\"contenu\">Festival de musiques actuelles britanniques er irlandaises.<\/div>\n\t\t\t\t\t\t\t\t\t\t\t\t\t\t\t\t\t\t\t\t\t\t\t\t\t<span class=\"btn-arrow\">Entdecken<\/span>\n\t\t\t\t\t\t\t\t\t\t\t\t\t\t\t<\/div>\n\t\t\t\t\t\t<\/div>\n\t\t\t\t\t\t\t\t\t\t\t\t\t<a href=\"https:\/\/www.dinardemeraudetourisme.com\/agenda\/dinard-opening-the-stranglers-5V52F405\/\" target=\"_blank\" class=\"lien\">EntdeckenFestival Dinard Opening<\/a>\n\t\t\t\t\t\t\t\t\t\t\t<\/div>\n\t\t\t\t\t\t\t\t\t<div class=\"card swiper-slide hover-active\">\n\t\t\t\t\t\t\t\t\t\t\t\t\t<div class=\"background-image\">\n\t\t\t\t\t\t\t\t<picture>\n\t\t\t\t\t\t\t\t\t<source type=\"image\/webp\" srcset=\"https:\/\/www.dinardemeraudetourisme.com\/app\/uploads\/2024\/04\/noah-concert-scaled-1-768x1024.webp, https:\/\/www.dinardemeraudetourisme.com\/app\/uploads\/2024\/04\/noah-concert-scaled-1-768x1024@2x.webp 2x\" media=\"(max-width: 425px)\">\n\t\t\t\t\t\t\t\t\t<source type=\"image\/jpeg\" srcset=\"https:\/\/www.dinardemeraudetourisme.com\/app\/uploads\/2024\/04\/noah-concert-scaled-1-768x1024.jpg, https:\/\/www.dinardemeraudetourisme.com\/app\/uploads\/2024\/04\/noah-concert-scaled-1-768x1024@2x.jpg 2x\" media=\"(max-width: 425px)\">\n\t\t\t\t\t\t\t\t\t<source type=\"image\/webp\" srcset=\"https:\/\/www.dinardemeraudetourisme.com\/app\/uploads\/2024\/04\/noah-concert-scaled-1-768x1024.webp, https:\/\/www.dinardemeraudetourisme.com\/app\/uploads\/2024\/04\/noah-concert-scaled-1-768x1024@2x.webp 2x\">\n\t\t\t\t\t\t\t\t\t<source type=\"image\/jpeg\" srcset=\"https:\/\/www.dinardemeraudetourisme.com\/app\/uploads\/2024\/04\/noah-concert-scaled-1-768x1024.jpg, https:\/\/www.dinardemeraudetourisme.com\/app\/uploads\/2024\/04\/noah-concert-scaled-1-768x1024@2x.jpg 2x\" media=\"(min-width: 426px)\">\n\t\t\t\t\t\t\t\t\t<img decoding=\"async\" loading=\"eager\" src=\"https:\/\/www.dinardemeraudetourisme.com\/app\/uploads\/2024\/04\/noah-concert-scaled-1-768x1024.jpg\" alt=\"\" width=\"360\" height=\"600\"\/>\n\t\t\t\t\t\t\t\t<\/picture>\n\t\t\t\t\t\t\t<\/div>\n\t\t\t\t\t\t\t\t\t\t\t\t<div class=\"content\">\n\t\t\t\t\t\t\t<div class=\"inner\">\n\t\t\t\t\t\t\t\t\t\t\t\t\t\t\t\t\t\t\t\t\t\t\t\t\t<h5 class=\"titre\">Beryl Festival<\/h5>\n\t\t\t\t\t\t\t\t\t\t\t\t\t\t\t\t\t\t\t\t\t\t\t\t\t<div class=\"contenu\">Festival\u00a0de musiques actuelles convivial et \u00e9coresponsable \u00e0 Saint-Briac-sur-Mer.<\/div>\n\t\t\t\t\t\t\t\t\t\t\t\t\t\t\t\t\t\t\t\t\t\t\t\t\t<span class=\"btn-arrow\">Entdecken<\/span>\n\t\t\t\t\t\t\t\t\t\t\t\t\t\t\t<\/div>\n\t\t\t\t\t\t<\/div>\n\t\t\t\t\t\t\t\t\t\t\t\t\t<a href=\"https:\/\/www.instagram.com\/beryl_festival\/\" target=\"_blank\" class=\"lien\">EntdeckenBeryl Festival<\/a>\n\t\t\t\t\t\t\t\t\t\t\t<\/div>\n\t\t\t\t\t\t\t<\/div>\n\t\t\t<\/div>\n<\/section>\n\n\n<h2 class=\"wp-block-heading\">Sportveranstaltungen<\/h2>\n\n\n\n<p>Die Smaragdk\u00fcste verk\u00f6rpert Dynamik und sportliche Leidenschaft. Tats\u00e4chlich ist es ein beliebter Ort f\u00fcr Fans von Outdoor-Aktivit\u00e4ten und bietet eine Vielzahl von Sportveranstaltungen, die Liebhaber jeden Alters in ihren Bann ziehen. Von Regatten \u00fcber Beachvolleyball-Wettbewerbe bis hin zu Wettl\u00e4ufen und Springwettbewerben verspricht der Sommer an der Smaragdk\u00fcste ein echtes Sportabenteuer, das Sie in vollen Z\u00fcgen genie\u00dfen k\u00f6nnen.<\/p>\n\n\n\n<p>Zu den gro\u00dfen Sommerveranstaltungen in Dinard C\u00f4te d&#8217;\u00c9meraude geh\u00f6rt Jumping, ein international renommierter Springwettbewerb.<\/p>\n\n\n<section class=\"acf cards-grid align wp-block-acf-cards-grid\" id=\"block_31260b602f6a68af43bdbba469c6b9e3\">\n\t<div class=\"container\">\n\t\t\t\t\t\t\t\t\t\t\t<div class=\"cards odd-grid\">\n\t\t\t\t\t\t\t\t\t\t\t\t<div class=\"card swiper-slide hover-active\">\n\t\t\t\t\t\t\t\t\t\t\t\t\t<div class=\"background-image\">\n\t\t\t\t\t\t\t\t<picture>\n\t\t\t\t\t\t\t\t\t<source type=\"image\/webp\" srcset=\"https:\/\/www.dinardemeraudetourisme.com\/app\/uploads\/2024\/04\/jumping-de-dinard-copyright-eric-knoll.webp, https:\/\/www.dinardemeraudetourisme.com\/app\/uploads\/2024\/04\/jumping-de-dinard-copyright-eric-knoll@2x.webp 2x\" media=\"(max-width: 425px)\">\n\t\t\t\t\t\t\t\t\t<source type=\"image\/jpeg\" srcset=\"https:\/\/www.dinardemeraudetourisme.com\/app\/uploads\/2024\/04\/jumping-de-dinard-copyright-eric-knoll.jpg, https:\/\/www.dinardemeraudetourisme.com\/app\/uploads\/2024\/04\/jumping-de-dinard-copyright-eric-knoll@2x.jpg 2x\" media=\"(max-width: 425px)\">\n\t\t\t\t\t\t\t\t\t<source type=\"image\/webp\" srcset=\"https:\/\/www.dinardemeraudetourisme.com\/app\/uploads\/2024\/04\/jumping-de-dinard-copyright-eric-knoll.webp, https:\/\/www.dinardemeraudetourisme.com\/app\/uploads\/2024\/04\/jumping-de-dinard-copyright-eric-knoll@2x.webp 2x\">\n\t\t\t\t\t\t\t\t\t<source type=\"image\/jpeg\" srcset=\"https:\/\/www.dinardemeraudetourisme.com\/app\/uploads\/2024\/04\/jumping-de-dinard-copyright-eric-knoll.jpg, https:\/\/www.dinardemeraudetourisme.com\/app\/uploads\/2024\/04\/jumping-de-dinard-copyright-eric-knoll@2x.jpg 2x\" media=\"(min-width: 426px)\">\n\t\t\t\t\t\t\t\t\t<img decoding=\"async\" loading=\"eager\" src=\"https:\/\/www.dinardemeraudetourisme.com\/app\/uploads\/2024\/04\/jumping-de-dinard-copyright-eric-knoll.jpg\" alt=\"Le jumping de Dinard, CSI 5*. Un \u00e9v\u00e9nement \u00e9questre international qui a lieu tous les ans sur le terrain du Val Por\u00e9e.\" width=\"360\" height=\"600\"\/>\n\t\t\t\t\t\t\t\t<\/picture>\n\t\t\t\t\t\t\t<\/div>\n\t\t\t\t\t\t\t\t\t\t\t\t<div class=\"content\">\n\t\t\t\t\t\t\t<div class=\"inner\">\n\t\t\t\t\t\t\t\t\t\t\t\t\t\t\t\t\t\t\t\t\t\t\t\t\t<h5 class=\"titre\">Jumping de Dinard<\/h5>\n\t\t\t\t\t\t\t\t\t\t\t\t\t\t\t\t\t\t\t\t\t\t\t\t\t<div class=\"contenu\">Le Jumping a lieu du 24 au 27 juillet 2025<\/div>\n\t\t\t\t\t\t\t\t\t\t\t\t\t\t\t\t\t\t\t\t\t\t\t\t\t<span class=\"btn-arrow\">Entdecken<\/span>\n\t\t\t\t\t\t\t\t\t\t\t\t\t\t\t<\/div>\n\t\t\t\t\t\t<\/div>\n\t\t\t\t\t\t\t\t\t\t\t\t\t<a href=\"https:\/\/www.dinardemeraudetourisme.com\/agenda\/jumping-international-de-dinard-5-5V52EL9T\/\" target=\"_blank\" class=\"lien\">EntdeckenJumping de Dinard<\/a>\n\t\t\t\t\t\t\t\t\t\t\t<\/div>\n\t\t\t\t\t\t\t\t\t<div class=\"card swiper-slide hover-active\">\n\t\t\t\t\t\t\t\t\t\t\t\t\t<div class=\"background-image\">\n\t\t\t\t\t\t\t\t<picture>\n\t\t\t\t\t\t\t\t\t<source type=\"image\/webp\" srcset=\"https:\/\/www.dinardemeraudetourisme.com\/app\/uploads\/2024\/04\/summer-beach-tennis-tour-ville-de-dinard-1024x768.webp, https:\/\/www.dinardemeraudetourisme.com\/app\/uploads\/2024\/04\/summer-beach-tennis-tour-ville-de-dinard-1024x768@2x.webp 2x\" media=\"(max-width: 425px)\">\n\t\t\t\t\t\t\t\t\t<source type=\"image\/jpeg\" srcset=\"https:\/\/www.dinardemeraudetourisme.com\/app\/uploads\/2024\/04\/summer-beach-tennis-tour-ville-de-dinard-1024x768.jpg, https:\/\/www.dinardemeraudetourisme.com\/app\/uploads\/2024\/04\/summer-beach-tennis-tour-ville-de-dinard-1024x768@2x.jpg 2x\" media=\"(max-width: 425px)\">\n\t\t\t\t\t\t\t\t\t<source type=\"image\/webp\" srcset=\"https:\/\/www.dinardemeraudetourisme.com\/app\/uploads\/2024\/04\/summer-beach-tennis-tour-ville-de-dinard-1024x768.webp, https:\/\/www.dinardemeraudetourisme.com\/app\/uploads\/2024\/04\/summer-beach-tennis-tour-ville-de-dinard-1024x768@2x.webp 2x\">\n\t\t\t\t\t\t\t\t\t<source type=\"image\/jpeg\" srcset=\"https:\/\/www.dinardemeraudetourisme.com\/app\/uploads\/2024\/04\/summer-beach-tennis-tour-ville-de-dinard-1024x768.jpg, https:\/\/www.dinardemeraudetourisme.com\/app\/uploads\/2024\/04\/summer-beach-tennis-tour-ville-de-dinard-1024x768@2x.jpg 2x\" media=\"(min-width: 426px)\">\n\t\t\t\t\t\t\t\t\t<img decoding=\"async\" loading=\"eager\" src=\"https:\/\/www.dinardemeraudetourisme.com\/app\/uploads\/2024\/04\/summer-beach-tennis-tour-ville-de-dinard-1024x768.jpg\" alt=\"Le Summer Beach Tennis Tour revient \u00e0 Dinard en juillet 2024. Venez tester ce sport\" width=\"360\" height=\"600\"\/>\n\t\t\t\t\t\t\t\t<\/picture>\n\t\t\t\t\t\t\t<\/div>\n\t\t\t\t\t\t\t\t\t\t\t\t<div class=\"content\">\n\t\t\t\t\t\t\t<div class=\"inner\">\n\t\t\t\t\t\t\t\t\t\t\t\t\t\t\t\t\t\t\t\t\t\t\t\t\t<h5 class=\"titre\">Summer beach tennis tour<\/h5>\n\t\t\t\t\t\t\t\t\t\t\t\t\t\t\t\t\t\t\t\t\t\t\t\t\t\t\t\t\t\t\t\t\t<span class=\"btn-arrow\">Entdecken<\/span>\n\t\t\t\t\t\t\t\t\t\t\t\t\t\t\t<\/div>\n\t\t\t\t\t\t<\/div>\n\t\t\t\t\t\t\t\t\t\t\t\t\t<a href=\"https:\/\/www.ville-dinard.fr\/agenda\/summer-beach-tennis-tour-2\/\" target=\"_blank\" class=\"lien\">EntdeckenSummer beach tennis tour<\/a>\n\t\t\t\t\t\t\t\t\t\t\t<\/div>\n\t\t\t\t\t\t\t\t\t<div class=\"card swiper-slide hover-active\">\n\t\t\t\t\t\t\t\t\t\t\t\t\t<div class=\"background-image\">\n\t\t\t\t\t\t\t\t<picture>\n\t\t\t\t\t\t\t\t\t<source type=\"image\/webp\" srcset=\"https:\/\/www.dinardemeraudetourisme.com\/app\/uploads\/2024\/04\/logo-castor-cup-873x1024.webp, https:\/\/www.dinardemeraudetourisme.com\/app\/uploads\/2024\/04\/logo-castor-cup-873x1024@2x.webp 2x\" media=\"(max-width: 425px)\">\n\t\t\t\t\t\t\t\t\t<source type=\"image\/jpeg\" srcset=\"https:\/\/www.dinardemeraudetourisme.com\/app\/uploads\/2024\/04\/logo-castor-cup-873x1024.jpg, https:\/\/www.dinardemeraudetourisme.com\/app\/uploads\/2024\/04\/logo-castor-cup-873x1024@2x.jpg 2x\" media=\"(max-width: 425px)\">\n\t\t\t\t\t\t\t\t\t<source type=\"image\/webp\" srcset=\"https:\/\/www.dinardemeraudetourisme.com\/app\/uploads\/2024\/04\/logo-castor-cup-873x1024.webp, https:\/\/www.dinardemeraudetourisme.com\/app\/uploads\/2024\/04\/logo-castor-cup-873x1024@2x.webp 2x\">\n\t\t\t\t\t\t\t\t\t<source type=\"image\/jpeg\" srcset=\"https:\/\/www.dinardemeraudetourisme.com\/app\/uploads\/2024\/04\/logo-castor-cup-873x1024.jpg, https:\/\/www.dinardemeraudetourisme.com\/app\/uploads\/2024\/04\/logo-castor-cup-873x1024@2x.jpg 2x\" media=\"(min-width: 426px)\">\n\t\t\t\t\t\t\t\t\t<img decoding=\"async\" loading=\"eager\" src=\"https:\/\/www.dinardemeraudetourisme.com\/app\/uploads\/2024\/04\/logo-castor-cup-873x1024.jpg\" alt=\"Logo de la Castor Cup, comp\u00e9tition de beach volley qui se d\u00e9roule sur la plage de l'\u00c9cluse \u00e0 Dinard dans une ambiance bon enfant.\" width=\"360\" height=\"600\"\/>\n\t\t\t\t\t\t\t\t<\/picture>\n\t\t\t\t\t\t\t<\/div>\n\t\t\t\t\t\t\t\t\t\t\t\t<div class=\"content\">\n\t\t\t\t\t\t\t<div class=\"inner\">\n\t\t\t\t\t\t\t\t\t\t\t\t\t\t\t\t\t\t\t\t\t\t\t\t\t<h5 class=\"titre\">Castor Cup<\/h5>\n\t\t\t\t\t\t\t\t\t\t\t\t\t\t\t\t\t\t\t\t\t\t\t\t\t\t\t\t\t\t\t\t\t<span class=\"btn-arrow\">Entdecken<\/span>\n\t\t\t\t\t\t\t\t\t\t\t\t\t\t\t<\/div>\n\t\t\t\t\t\t<\/div>\n\t\t\t\t\t\t\t\t\t\t\t\t\t<a href=\"https:\/\/www.ville-dinard.fr\/agenda\/41e-castor-cup-beach-volley\/\" target=\"_blank\" class=\"lien\">EntdeckenCastor Cup<\/a>\n\t\t\t\t\t\t\t\t\t\t\t<\/div>\n\t\t\t\t\t\t\t<\/div>\n\t\t\t<\/div>\n<\/section>\n\n\n<h2 class=\"wp-block-heading\">TSommertheater<\/h2>\n\n\n\n<p>Von der Compagnie&nbsp;<strong>Les Feux de l\u2019Harmattan<\/strong>&nbsp;. Warten auf Informationen f\u00fcr 2025.<\/p>\n\n\n\n<h3 class=\"wp-block-heading\"><br>Praktische Informationen<\/h3>\n\n\n\n<p><strong>Auff\u00fchrungstermine<\/strong>&nbsp;:<\/p>\n\n\n\n<ul class=\"wp-block-list\">\n<li>Warten auf die Termine 2025.<\/li>\n<\/ul>\n\n\n\n<p>Im Debussy-Theater in Dinard.<\/p>\n\n\n\n<p><strong>Preise<\/strong>&nbsp;:<\/p>\n\n\n\n<ul class=\"wp-block-list\">\n<li>Warten auf die Preise f\u00fcr 2025.<\/li>\n<\/ul>\n\n\n\n<p><strong>Tickets<\/strong>&nbsp;: im Tourismusb\u00fcro von Dinard oder online unter&nbsp;<strong><a href=\"https:\/\/indiv.themisweb.fr\/0534\/fListeManifs.aspx?idstructure=0534\" target=\"_blank\" rel=\"noreferrer noopener\">ville-dinard.fr<\/a><\/strong>&nbsp;.<\/p>\n\n\n\n<p><\/p>\n\n\n\n<p><\/p>\n\n\n\n<h2 class=\"wp-block-heading\"><br>Les visites guid\u00e9es<\/h2>\n\n\n\n<p>Faites un bond dans l\u2019Histoire et partez \u00e0 la d\u00e9couverte de notre&nbsp;patrimoine&nbsp;!<\/p>\n\n\n\n<p>Des majestueuses villas Belle-\u00c9poque de&nbsp;<strong>Dinard<\/strong>, \u00e0 l\u2019ancien bourg agricole de&nbsp;<strong>Lancieux&nbsp;<\/strong>devenu une charmante station baln\u00e9aire, en passant par les anciennes maisons de p\u00eacheurs du vieux-bourg de&nbsp;<strong>Saint-Briac-sur-Mer<\/strong>&nbsp;et la nature pr\u00e9serv\u00e9e de&nbsp;<strong>Saint-Lunaire<\/strong>.<\/p>\n\n\n\n<h3 class=\"wp-block-heading\"><br>Visites insolites<\/h3>\n\n\n\n<p>D\u00e9couvrez Dinard, Saint-Lunaire, Saint-Briac-sur-Mer et Lancieux comme vous ne les avez jamais vues ! Lors des visites nocturnes, vous apprendrez les l\u00e9gendes \u00e9tonnantes que referment nos villes et villages : pierres sacr\u00e9es, sir\u00e8nes, et f\u00e9es vous accompagneront dans la visite.<\/p>\n\n\n\n<p>Participez aux nouvelles visites th\u00e9\u00e2tralis\u00e9es : \u00e0 Lancieux, c&#8217;est une nouvelle formule de la visite 2023 qui vous attend, quand \u00e0 Saint-Briac-sur-Mer, Sganarelle et \u00c9lise vous emm\u00e8neront retrouver le Capitaine Lamoureux qui a disparu.<\/p>\n\n\n\n<p>Enfin, \u00e0 Dinard, le duo Musikat et un guide conf\u00e9rencier vous feront d\u00e9couvrir l&#8217;histoire et le patrimoine de Dinard en chanson !<\/p>\n\n\n<section class=\"acf cards-grid align wp-block-acf-cards-grid\" id=\"block_c1add2a21b9ef06c0bafc2a982778e47\">\n\t<div class=\"container\">\n\t\t\t\t\t\t\t\t\t\t\t<div class=\"cards odd-grid\">\n\t\t\t\t\t\t\t\t\t\t\t\t<div class=\"card swiper-slide hover-active\">\n\t\t\t\t\t\t\t\t\t\t\t\t\t<div class=\"background-image\">\n\t\t\t\t\t\t\t\t<picture>\n\t\t\t\t\t\t\t\t\t<source type=\"image\/webp\" srcset=\"https:\/\/www.dinardemeraudetourisme.com\/app\/uploads\/2024\/04\/visite-theatralisee-lancieux-dantan-1024x820.webp, https:\/\/www.dinardemeraudetourisme.com\/app\/uploads\/2024\/04\/visite-theatralisee-lancieux-dantan-1024x820@2x.webp 2x\" media=\"(max-width: 425px)\">\n\t\t\t\t\t\t\t\t\t<source type=\"image\/jpeg\" srcset=\"https:\/\/www.dinardemeraudetourisme.com\/app\/uploads\/2024\/04\/visite-theatralisee-lancieux-dantan-1024x820.jpg, https:\/\/www.dinardemeraudetourisme.com\/app\/uploads\/2024\/04\/visite-theatralisee-lancieux-dantan-1024x820@2x.jpg 2x\" media=\"(max-width: 425px)\">\n\t\t\t\t\t\t\t\t\t<source type=\"image\/webp\" srcset=\"https:\/\/www.dinardemeraudetourisme.com\/app\/uploads\/2024\/04\/visite-theatralisee-lancieux-dantan-1024x820.webp, https:\/\/www.dinardemeraudetourisme.com\/app\/uploads\/2024\/04\/visite-theatralisee-lancieux-dantan-1024x820@2x.webp 2x\">\n\t\t\t\t\t\t\t\t\t<source type=\"image\/jpeg\" srcset=\"https:\/\/www.dinardemeraudetourisme.com\/app\/uploads\/2024\/04\/visite-theatralisee-lancieux-dantan-1024x820.jpg, https:\/\/www.dinardemeraudetourisme.com\/app\/uploads\/2024\/04\/visite-theatralisee-lancieux-dantan-1024x820@2x.jpg 2x\" media=\"(min-width: 426px)\">\n\t\t\t\t\t\t\t\t\t<img decoding=\"async\" loading=\"eager\" src=\"https:\/\/www.dinardemeraudetourisme.com\/app\/uploads\/2024\/04\/visite-theatralisee-lancieux-dantan-1024x820.jpg\" alt=\"Sayn\u00e8te lors de la Visite Th\u00e9atralis\u00e9e : Lancieux D'antan qui a lieu en 2024 \u00e0 Lancieux sous une nouvelle formule. D\u00e9couvrez Lancieux comme jamais auparavent !\" width=\"360\" height=\"600\"\/>\n\t\t\t\t\t\t\t\t<\/picture>\n\t\t\t\t\t\t\t<\/div>\n\t\t\t\t\t\t\t\t\t\t\t\t<div class=\"content\">\n\t\t\t\t\t\t\t<div class=\"inner\">\n\t\t\t\t\t\t\t\t\t\t\t\t\t\t\t\t\t\t\t\t\t\t\t\t\t<h5 class=\"titre\">Visites th\u00e9\u00e2tralis\u00e9es<\/h5>\n\t\t\t\t\t\t\t\t\t\t\t\t\t\t\t\t\t\t\t\t\t\t\t\t\t\t\t\t\t\t\t\t\t<span class=\"btn-arrow\">Entdecken<\/span>\n\t\t\t\t\t\t\t\t\t\t\t\t\t\t\t<\/div>\n\t\t\t\t\t\t<\/div>\n\t\t\t\t\t\t\t\t\t\t\t\t\t<a href=\"https:\/\/billetterie.dinardemeraudetourisme.com\/\" target=\"_blank\" class=\"lien\">EntdeckenVisites th\u00e9\u00e2tralis\u00e9es<\/a>\n\t\t\t\t\t\t\t\t\t\t\t<\/div>\n\t\t\t\t\t\t\t\t\t<div class=\"card swiper-slide hover-active\">\n\t\t\t\t\t\t\t\t\t\t\t\t\t<div class=\"background-image\">\n\t\t\t\t\t\t\t\t<picture>\n\t\t\t\t\t\t\t\t\t<source type=\"image\/webp\" srcset=\"https:\/\/www.dinardemeraudetourisme.com\/app\/uploads\/2024\/04\/plage-de-la-fourberie-saint-lunaire-lezbroz-1024x683.webp, https:\/\/www.dinardemeraudetourisme.com\/app\/uploads\/2024\/04\/plage-de-la-fourberie-saint-lunaire-lezbroz-1024x683@2x.webp 2x\" media=\"(max-width: 425px)\">\n\t\t\t\t\t\t\t\t\t<source type=\"image\/jpeg\" srcset=\"https:\/\/www.dinardemeraudetourisme.com\/app\/uploads\/2024\/04\/plage-de-la-fourberie-saint-lunaire-lezbroz-1024x683.jpg, https:\/\/www.dinardemeraudetourisme.com\/app\/uploads\/2024\/04\/plage-de-la-fourberie-saint-lunaire-lezbroz-1024x683@2x.jpg 2x\" media=\"(max-width: 425px)\">\n\t\t\t\t\t\t\t\t\t<source type=\"image\/webp\" srcset=\"https:\/\/www.dinardemeraudetourisme.com\/app\/uploads\/2024\/04\/plage-de-la-fourberie-saint-lunaire-lezbroz-1024x683.webp, https:\/\/www.dinardemeraudetourisme.com\/app\/uploads\/2024\/04\/plage-de-la-fourberie-saint-lunaire-lezbroz-1024x683@2x.webp 2x\">\n\t\t\t\t\t\t\t\t\t<source type=\"image\/jpeg\" srcset=\"https:\/\/www.dinardemeraudetourisme.com\/app\/uploads\/2024\/04\/plage-de-la-fourberie-saint-lunaire-lezbroz-1024x683.jpg, https:\/\/www.dinardemeraudetourisme.com\/app\/uploads\/2024\/04\/plage-de-la-fourberie-saint-lunaire-lezbroz-1024x683@2x.jpg 2x\" media=\"(min-width: 426px)\">\n\t\t\t\t\t\t\t\t\t<img decoding=\"async\" loading=\"eager\" src=\"https:\/\/www.dinardemeraudetourisme.com\/app\/uploads\/2024\/04\/plage-de-la-fourberie-saint-lunaire-lezbroz-1024x683.jpg\" alt=\"Plage De La Fourberie \u00e0 Saint Lunaire au coucher du soleil. Une plage bien orient\u00e9e \u00e0 proximit\u00e9 de Dinard.\" width=\"360\" height=\"600\"\/>\n\t\t\t\t\t\t\t\t<\/picture>\n\t\t\t\t\t\t\t<\/div>\n\t\t\t\t\t\t\t\t\t\t\t\t<div class=\"content\">\n\t\t\t\t\t\t\t<div class=\"inner\">\n\t\t\t\t\t\t\t\t\t\t\t\t\t\t\t\t\t\t\t\t\t\t\t\t\t<h5 class=\"titre\">Visites nocturnes : les contes et l\u00e9gendes<\/h5>\n\t\t\t\t\t\t\t\t\t\t\t\t\t\t\t\t\t\t\t\t\t\t\t\t\t\t\t\t\t\t\t\t\t<span class=\"btn-arrow\">Entdecken<\/span>\n\t\t\t\t\t\t\t\t\t\t\t\t\t\t\t<\/div>\n\t\t\t\t\t\t<\/div>\n\t\t\t\t\t\t\t\t\t\t\t\t\t<a href=\"https:\/\/billetterie.dinardemeraudetourisme.com\/\" target=\"_blank\" class=\"lien\">EntdeckenVisites nocturnes : les contes et l\u00e9gendes<\/a>\n\t\t\t\t\t\t\t\t\t\t\t<\/div>\n\t\t\t\t\t\t\t\t\t<div class=\"card swiper-slide hover-active\">\n\t\t\t\t\t\t\t\t\t\t\t\t\t<div class=\"background-image\">\n\t\t\t\t\t\t\t\t<picture>\n\t\t\t\t\t\t\t\t\t<source type=\"image\/webp\" srcset=\"https:\/\/www.dinardemeraudetourisme.com\/app\/uploads\/2024\/07\/dinard21aalamoureux_d6a6216-683x1024.webp, https:\/\/www.dinardemeraudetourisme.com\/app\/uploads\/2024\/07\/dinard21aalamoureux_d6a6216-683x1024@2x.webp 2x\" media=\"(max-width: 425px)\">\n\t\t\t\t\t\t\t\t\t<source type=\"image\/jpeg\" srcset=\"https:\/\/www.dinardemeraudetourisme.com\/app\/uploads\/2024\/07\/dinard21aalamoureux_d6a6216-683x1024.jpg, https:\/\/www.dinardemeraudetourisme.com\/app\/uploads\/2024\/07\/dinard21aalamoureux_d6a6216-683x1024@2x.jpg 2x\" media=\"(max-width: 425px)\">\n\t\t\t\t\t\t\t\t\t<source type=\"image\/webp\" srcset=\"https:\/\/www.dinardemeraudetourisme.com\/app\/uploads\/2024\/07\/dinard21aalamoureux_d6a6216-683x1024.webp, https:\/\/www.dinardemeraudetourisme.com\/app\/uploads\/2024\/07\/dinard21aalamoureux_d6a6216-683x1024@2x.webp 2x\">\n\t\t\t\t\t\t\t\t\t<source type=\"image\/jpeg\" srcset=\"https:\/\/www.dinardemeraudetourisme.com\/app\/uploads\/2024\/07\/dinard21aalamoureux_d6a6216-683x1024.jpg, https:\/\/www.dinardemeraudetourisme.com\/app\/uploads\/2024\/07\/dinard21aalamoureux_d6a6216-683x1024@2x.jpg 2x\" media=\"(min-width: 426px)\">\n\t\t\t\t\t\t\t\t\t<img decoding=\"async\" loading=\"eager\" src=\"https:\/\/www.dinardemeraudetourisme.com\/app\/uploads\/2024\/07\/dinard21aalamoureux_d6a6216-683x1024.jpg\" alt=\"La plage de Saint-Enogat \u00e0 Dinard. Plage familiale en Bretagne nord. Cr\u00e9dit photo : Alexandre Lamoureux\" width=\"360\" height=\"600\"\/>\n\t\t\t\t\t\t\t\t<\/picture>\n\t\t\t\t\t\t\t<\/div>\n\t\t\t\t\t\t\t\t\t\t\t\t<div class=\"content\">\n\t\t\t\t\t\t\t<div class=\"inner\">\n\t\t\t\t\t\t\t\t\t\t\t\t\t\t\t\t\t\t\t\t\t\t\t\t\t<h5 class=\"titre\">Visites chant\u00e9es<\/h5>\n\t\t\t\t\t\t\t\t\t\t\t\t\t\t\t\t\t\t\t\t\t\t\t\t\t\t\t\t\t\t\t\t\t<span class=\"btn-arrow\">Entdecken<\/span>\n\t\t\t\t\t\t\t\t\t\t\t\t\t\t\t<\/div>\n\t\t\t\t\t\t<\/div>\n\t\t\t\t\t\t\t\t\t\t\t\t\t<a href=\"https:\/\/billetterie.dinardemeraudetourisme.com\/category\/4\" target=\"_blank\" class=\"lien\">EntdeckenVisites chant\u00e9es<\/a>\n\t\t\t\t\t\t\t\t\t\t\t<\/div>\n\t\t\t\t\t\t\t<\/div>\n\t\t\t<\/div>\n<\/section>\n\n\n<div class=\"wp-block-buttons is-content-justification-center is-layout-flex wp-container-core-buttons-is-layout-c3d5205c wp-block-buttons-is-layout-flex\" style=\"margin-top:0;margin-bottom:0\">\n<div class=\"wp-block-button is-style-outline is-style-outline--1\"><a class=\"wp-block-button__link wp-element-button\" href=\"https:\/\/billetterie.dinardemeraudetourisme.com\/\" target=\"_blank\" rel=\"noreferrer noopener\">R\u00e9servez votre visite guid\u00e9e<\/a><\/div>\n<\/div>\n\n\n\n<h2 class=\"wp-block-heading\"><br>Les expositions de l&#8217;\u00e9t\u00e9<\/h2>\n\n\n\n<p>Dinard C\u00f4te d\u2019\u00c9meraude est un v\u00e9ritable havre culturel, offrant une multitude de d\u00e9couvertes artistiques et d&#8217;expositions captivantes. Des galeries intimistes aux espaces publics, laissez-vous enchanter par les cr\u00e9ations inspirantes et les \u0153uvres fascinantes qui \u00e9merveillent les visiteurs. Pr\u00e9parez-vous \u00e0 \u00eatre transport\u00e9 dans un univers d&#8217;esth\u00e9tisme et d&#8217;expression artistique au c\u0153ur de la C\u00f4te d\u2019\u00c9meraude cet \u00e9t\u00e9.<\/p>\n\n\n\n<h3 class=\"wp-block-heading\"><br>La grande expo de l&#8217;\u00e9t\u00e9 \u00e0 Dinard<\/h3>\n\n\n\n<p>L&#8217;exposition de l&#8217;\u00e9t\u00e9 est l&#8217;un des plus grands \u00e9v\u00e9nements de l&#8217;\u00e9t\u00e9 \u00e0 Dinard C\u00f4te d&#8217;\u00c9meraude et de ses alentours. Chaque ann\u00e9e, la villa Les Roches Brunes accueille une nouvelle exposition dans un cadre magique. <br><br>En attente des informations 2025.<\/p>\n\n\n\n<h3 class=\"wp-block-heading\"><br>Les autres expos<\/h3>\n\n\n\n<p>Les communes voisines de Dinard propose \u00e9galement de nombreuses expositions tout au long de l&#8217;\u00e9t\u00e9. Retrouvez, entre autres, le programme du Centre Culturel Jean Rochefort, \u00e0 Saint-Lunaire, du Presbyt\u00e8re et des Halles de Saint-Briac-sur-Mer, et de la chapelle Saint-Buc au Minihic-sur-Rance.<\/p>\n\n\n<section class=\"acf cards-grid align wp-block-acf-cards-grid\" id=\"block_4157cd4c9bb7fad4476b19d48dd561bd\">\n\t<div class=\"container\">\n\t\t\t\t\t\t\t\t\t\t\t<div class=\"cards odd-grid\">\n\t\t\t\t\t\t\t\t\t\t\t\t<div class=\"card swiper-slide hover-active\">\n\t\t\t\t\t\t\t\t\t\t\t\t\t<div class=\"background-image\">\n\t\t\t\t\t\t\t\t<picture>\n\t\t\t\t\t\t\t\t\t<source type=\"image\/webp\" srcset=\"https:\/\/www.dinardemeraudetourisme.com\/app\/uploads\/2024\/04\/centre-ville-de-saint-lunaire-renaud-photographie-683x1024.webp, https:\/\/www.dinardemeraudetourisme.com\/app\/uploads\/2024\/04\/centre-ville-de-saint-lunaire-renaud-photographie-683x1024@2x.webp 2x\" media=\"(max-width: 425px)\">\n\t\t\t\t\t\t\t\t\t<source type=\"image\/jpeg\" srcset=\"https:\/\/www.dinardemeraudetourisme.com\/app\/uploads\/2024\/04\/centre-ville-de-saint-lunaire-renaud-photographie-683x1024.jpg, https:\/\/www.dinardemeraudetourisme.com\/app\/uploads\/2024\/04\/centre-ville-de-saint-lunaire-renaud-photographie-683x1024@2x.jpg 2x\" media=\"(max-width: 425px)\">\n\t\t\t\t\t\t\t\t\t<source type=\"image\/webp\" srcset=\"https:\/\/www.dinardemeraudetourisme.com\/app\/uploads\/2024\/04\/centre-ville-de-saint-lunaire-renaud-photographie-683x1024.webp, https:\/\/www.dinardemeraudetourisme.com\/app\/uploads\/2024\/04\/centre-ville-de-saint-lunaire-renaud-photographie-683x1024@2x.webp 2x\">\n\t\t\t\t\t\t\t\t\t<source type=\"image\/jpeg\" srcset=\"https:\/\/www.dinardemeraudetourisme.com\/app\/uploads\/2024\/04\/centre-ville-de-saint-lunaire-renaud-photographie-683x1024.jpg, https:\/\/www.dinardemeraudetourisme.com\/app\/uploads\/2024\/04\/centre-ville-de-saint-lunaire-renaud-photographie-683x1024@2x.jpg 2x\" media=\"(min-width: 426px)\">\n\t\t\t\t\t\t\t\t\t<img decoding=\"async\" loading=\"eager\" src=\"https:\/\/www.dinardemeraudetourisme.com\/app\/uploads\/2024\/04\/centre-ville-de-saint-lunaire-renaud-photographie-683x1024.jpg\" alt=\"Un couple se prom\u00e8ne dans le Centre Ville De Saint Lunaire. Un lieu de rencontre au coeur de la station baln\u00e9aire avec des boutiques ind\u00e9pendantes et des commerces de proximit\u00e9.\" width=\"360\" height=\"600\"\/>\n\t\t\t\t\t\t\t\t<\/picture>\n\t\t\t\t\t\t\t<\/div>\n\t\t\t\t\t\t\t\t\t\t\t\t<div class=\"content\">\n\t\t\t\t\t\t\t<div class=\"inner\">\n\t\t\t\t\t\t\t\t\t\t\t\t\t\t\t\t\t\t\t\t\t\t\t\t\t<h5 class=\"titre\">Les expos de Saint-Lunaire<\/h5>\n\t\t\t\t\t\t\t\t\t\t\t\t\t\t\t\t\t\t\t\t\t\t\t\t\t\t\t\t\t\t\t\t\t<span class=\"btn-arrow\">Entdecken<\/span>\n\t\t\t\t\t\t\t\t\t\t\t\t\t\t\t<\/div>\n\t\t\t\t\t\t<\/div>\n\t\t\t\t\t\t\t\t\t\t\t\t\t<a href=\"https:\/\/www.saint-lunaire.fr\/\" target=\"_blank\" class=\"lien\">EntdeckenLes expos de Saint-Lunaire<\/a>\n\t\t\t\t\t\t\t\t\t\t\t<\/div>\n\t\t\t\t\t\t\t\t\t<div class=\"card swiper-slide hover-active\">\n\t\t\t\t\t\t\t\t\t\t\t\t\t<div class=\"background-image\">\n\t\t\t\t\t\t\t\t<picture>\n\t\t\t\t\t\t\t\t\t<source type=\"image\/webp\" srcset=\"https:\/\/www.dinardemeraudetourisme.com\/app\/uploads\/2024\/04\/afranck-hamel-saint-briac-web-768x1150-1-edited.webp, https:\/\/www.dinardemeraudetourisme.com\/app\/uploads\/2024\/04\/afranck-hamel-saint-briac-web-768x1150-1-edited@2x.webp 2x\" media=\"(max-width: 425px)\">\n\t\t\t\t\t\t\t\t\t<source type=\"image\/jpeg\" srcset=\"https:\/\/www.dinardemeraudetourisme.com\/app\/uploads\/2024\/04\/afranck-hamel-saint-briac-web-768x1150-1-edited.jpg, https:\/\/www.dinardemeraudetourisme.com\/app\/uploads\/2024\/04\/afranck-hamel-saint-briac-web-768x1150-1-edited@2x.jpg 2x\" media=\"(max-width: 425px)\">\n\t\t\t\t\t\t\t\t\t<source type=\"image\/webp\" srcset=\"https:\/\/www.dinardemeraudetourisme.com\/app\/uploads\/2024\/04\/afranck-hamel-saint-briac-web-768x1150-1-edited.webp, https:\/\/www.dinardemeraudetourisme.com\/app\/uploads\/2024\/04\/afranck-hamel-saint-briac-web-768x1150-1-edited@2x.webp 2x\">\n\t\t\t\t\t\t\t\t\t<source type=\"image\/jpeg\" srcset=\"https:\/\/www.dinardemeraudetourisme.com\/app\/uploads\/2024\/04\/afranck-hamel-saint-briac-web-768x1150-1-edited.jpg, https:\/\/www.dinardemeraudetourisme.com\/app\/uploads\/2024\/04\/afranck-hamel-saint-briac-web-768x1150-1-edited@2x.jpg 2x\" media=\"(min-width: 426px)\">\n\t\t\t\t\t\t\t\t\t<img decoding=\"async\" loading=\"eager\" src=\"https:\/\/www.dinardemeraudetourisme.com\/app\/uploads\/2024\/04\/afranck-hamel-saint-briac-web-768x1150-1-edited.jpg\" alt=\"Venelles de Saint-Briac par Franck Hamel\" width=\"360\" height=\"600\"\/>\n\t\t\t\t\t\t\t\t<\/picture>\n\t\t\t\t\t\t\t<\/div>\n\t\t\t\t\t\t\t\t\t\t\t\t<div class=\"content\">\n\t\t\t\t\t\t\t<div class=\"inner\">\n\t\t\t\t\t\t\t\t\t\t\t\t\t\t\t\t\t\t\t\t\t\t\t\t\t<h5 class=\"titre\">Les expos de Saint-Briac-sur-Mer<\/h5>\n\t\t\t\t\t\t\t\t\t\t\t\t\t\t\t\t\t\t\t\t\t\t\t\t\t\t\t\t\t\t\t\t\t<span class=\"btn-arrow\">Entdecken<\/span>\n\t\t\t\t\t\t\t\t\t\t\t\t\t\t\t<\/div>\n\t\t\t\t\t\t<\/div>\n\t\t\t\t\t\t\t\t\t\t\t\t\t<a href=\"https:\/\/www.saintbriac.fr\/\" target=\"_blank\" class=\"lien\">EntdeckenLes expos de Saint-Briac-sur-Mer<\/a>\n\t\t\t\t\t\t\t\t\t\t\t<\/div>\n\t\t\t\t\t\t\t\t\t<div class=\"card swiper-slide hover-active\">\n\t\t\t\t\t\t\t\t\t\t\t\t\t<div class=\"background-image\">\n\t\t\t\t\t\t\t\t<picture>\n\t\t\t\t\t\t\t\t\t<source type=\"image\/webp\" srcset=\"https:\/\/www.dinardemeraudetourisme.com\/app\/uploads\/2024\/04\/chapelle-saint-buc-franck-hamel-le-minihic-1024x684.webp, https:\/\/www.dinardemeraudetourisme.com\/app\/uploads\/2024\/04\/chapelle-saint-buc-franck-hamel-le-minihic-1024x684@2x.webp 2x\" media=\"(max-width: 425px)\">\n\t\t\t\t\t\t\t\t\t<source type=\"image\/jpeg\" srcset=\"https:\/\/www.dinardemeraudetourisme.com\/app\/uploads\/2024\/04\/chapelle-saint-buc-franck-hamel-le-minihic-1024x684.jpg, https:\/\/www.dinardemeraudetourisme.com\/app\/uploads\/2024\/04\/chapelle-saint-buc-franck-hamel-le-minihic-1024x684@2x.jpg 2x\" media=\"(max-width: 425px)\">\n\t\t\t\t\t\t\t\t\t<source type=\"image\/webp\" srcset=\"https:\/\/www.dinardemeraudetourisme.com\/app\/uploads\/2024\/04\/chapelle-saint-buc-franck-hamel-le-minihic-1024x684.webp, https:\/\/www.dinardemeraudetourisme.com\/app\/uploads\/2024\/04\/chapelle-saint-buc-franck-hamel-le-minihic-1024x684@2x.webp 2x\">\n\t\t\t\t\t\t\t\t\t<source type=\"image\/jpeg\" srcset=\"https:\/\/www.dinardemeraudetourisme.com\/app\/uploads\/2024\/04\/chapelle-saint-buc-franck-hamel-le-minihic-1024x684.jpg, https:\/\/www.dinardemeraudetourisme.com\/app\/uploads\/2024\/04\/chapelle-saint-buc-franck-hamel-le-minihic-1024x684@2x.jpg 2x\" media=\"(min-width: 426px)\">\n\t\t\t\t\t\t\t\t\t<img decoding=\"async\" loading=\"eager\" src=\"https:\/\/www.dinardemeraudetourisme.com\/app\/uploads\/2024\/04\/chapelle-saint-buc-franck-hamel-le-minihic-1024x684.jpg\" alt=\"La Chapelle Saint Buc au Minihic-sur-Rance accueille de nombreux \u00e9v\u00e9nements culturels en \u00e9t\u00e9 : concerts, expositions et conf\u00e9rences.\" width=\"360\" height=\"600\"\/>\n\t\t\t\t\t\t\t\t<\/picture>\n\t\t\t\t\t\t\t<\/div>\n\t\t\t\t\t\t\t\t\t\t\t\t<div class=\"content\">\n\t\t\t\t\t\t\t<div class=\"inner\">\n\t\t\t\t\t\t\t\t\t\t\t\t\t\t\t\t\t\t\t\t\t\t\t\t\t<h5 class=\"titre\">Les expos de la chapelle Saint-Buc<\/h5>\n\t\t\t\t\t\t\t\t\t\t\t\t\t\t\t\t\t\t\t\t\t\t\t\t\t\t\t\t\t\t\t\t\t<span class=\"btn-arrow\">Entdecken<\/span>\n\t\t\t\t\t\t\t\t\t\t\t\t\t\t\t<\/div>\n\t\t\t\t\t\t<\/div>\n\t\t\t\t\t\t\t\t\t\t\t\t\t<a href=\"https:\/\/chapellesaintbuc.fr\/\" target=\"_blank\" class=\"lien\">EntdeckenLes expos de la chapelle Saint-Buc<\/a>\n\t\t\t\t\t\t\t\t\t\t\t<\/div>\n\t\t\t\t\t\t\t<\/div>\n\t\t\t<\/div>\n<\/section>\n\n\n<div class=\"wp-block-buttons is-content-justification-center is-layout-flex wp-container-core-buttons-is-layout-a89b3969 wp-block-buttons-is-layout-flex\">\n<div class=\"wp-block-button is-style-outline is-style-outline--2\"><a class=\"wp-block-button__link wp-element-button\" href=\"https:\/\/www.dinardemeraudetourisme.com\/agenda\/\" target=\"_blank\" rel=\"noreferrer noopener\"><strong>Der vollst\u00e4ndige Veranstaltungskalender<\/strong><\/a><\/div>\n<\/div>\n","protected":false},"excerpt":{"rendered":"<p>Entdecken Sie die gro\u00dfen Sommerveranstaltungen in Dinard C\u00f4te d\u2019\u00c9meraude! Ob Sie sich f\u00fcr Musik, Kultur oder Outdoor-Aktivit\u00e4ten begeistern, Dinard bietet Ihnen ein Sommerprogramm voller Emotionen und Unterhaltung. Kommen Sie zu uns und erleben Sie gesellige Momente w\u00e4hrend der Sommerfeste in Dinard C\u00f4te d&#8217;\u00c9meraude! Konzerte und Festivals W\u00e4hrend der Sommermonate wird die Smaragdk\u00fcste mit den Kl\u00e4ngen [&hellip;]<\/p>\n","protected":false},"featured_media":3910,"parent":0,"template":"","voyageurs":[54,55,53],"saison":[58],"class_list":["post-12313","experiences","type-experiences","status-publish","has-post-thumbnail","hentry","voyageurs-mit-der-familie","voyageurs-mit-freunden","voyageurs-zu-zweit","saison-sommer"],"acf":[],"yoast_head":"<!-- This site is optimized with the Yoast SEO plugin v27.1.1 - https:\/\/yoast.com\/product\/yoast-seo-wordpress\/ -->\n<title>Die gro\u00dfen Sommerveranstaltungen in Dinard C\u00f4te d&#039;\u00c9meraude - Dinard \u00c9meraude Tourisme<\/title>\n<meta name=\"robots\" content=\"index, follow, max-snippet:-1, max-image-preview:large, max-video-preview:-1\" \/>\n<link rel=\"canonical\" href=\"https:\/\/www.dinardemeraudetourisme.com\/de\/erlebnisse\/mit-der-familie\/die-grossen-sommerveranstaltungen-in-dinard-cote-demeraude\/\" \/>\n<meta property=\"og:locale\" content=\"de_DE\" \/>\n<meta property=\"og:type\" content=\"article\" \/>\n<meta property=\"og:title\" content=\"Die gro\u00dfen Sommerveranstaltungen in Dinard C\u00f4te d&#039;\u00c9meraude - Dinard \u00c9meraude Tourisme\" \/>\n<meta property=\"og:description\" content=\"Entdecken Sie die gro\u00dfen Sommerveranstaltungen in Dinard C\u00f4te d\u2019\u00c9meraude! Ob Sie sich f\u00fcr Musik, Kultur oder Outdoor-Aktivit\u00e4ten begeistern, Dinard bietet Ihnen ein Sommerprogramm voller Emotionen und Unterhaltung. Kommen Sie zu uns und erleben Sie gesellige Momente w\u00e4hrend der Sommerfeste in Dinard C\u00f4te d&#8217;\u00c9meraude! Konzerte und Festivals W\u00e4hrend der Sommermonate wird die Smaragdk\u00fcste mit den Kl\u00e4ngen [&hellip;]\" \/>\n<meta property=\"og:url\" content=\"https:\/\/www.dinardemeraudetourisme.com\/de\/erlebnisse\/mit-der-familie\/die-grossen-sommerveranstaltungen-in-dinard-cote-demeraude\/\" \/>\n<meta property=\"og:site_name\" content=\"Dinard \u00c9meraude Tourisme\" \/>\n<meta property=\"article:modified_time\" content=\"2025-02-04T11:13:23+00:00\" \/>\n<meta property=\"og:image\" content=\"https:\/\/www.dinardemeraudetourisme.com\/app\/uploads\/2024\/04\/dinard-thibault-poriel-scaled.jpg\" \/>\n\t<meta property=\"og:image:width\" content=\"1707\" \/>\n\t<meta property=\"og:image:height\" content=\"2560\" \/>\n\t<meta property=\"og:image:type\" content=\"image\/jpeg\" \/>\n<meta name=\"twitter:card\" content=\"summary_large_image\" \/>\n<meta name=\"twitter:label1\" content=\"Gesch\u00e4tzte Lesezeit\" \/>\n\t<meta name=\"twitter:data1\" content=\"3 minutes\" \/>\n<script type=\"application\/ld+json\" class=\"yoast-schema-graph\">{\"@context\":\"https:\/\/schema.org\",\"@graph\":[{\"@type\":\"WebPage\",\"@id\":\"https:\/\/www.dinardemeraudetourisme.com\/de\/erlebnisse\/mit-der-familie\/die-grossen-sommerveranstaltungen-in-dinard-cote-demeraude\/\",\"url\":\"https:\/\/www.dinardemeraudetourisme.com\/de\/erlebnisse\/mit-der-familie\/die-grossen-sommerveranstaltungen-in-dinard-cote-demeraude\/\",\"name\":\"Die gro\u00dfen Sommerveranstaltungen in Dinard C\u00f4te d'\u00c9meraude - Dinard \u00c9meraude Tourisme\",\"isPartOf\":{\"@id\":\"https:\/\/www.dinardemeraudetourisme.com\/de\/#website\"},\"primaryImageOfPage\":{\"@id\":\"https:\/\/www.dinardemeraudetourisme.com\/de\/erlebnisse\/mit-der-familie\/die-grossen-sommerveranstaltungen-in-dinard-cote-demeraude\/#primaryimage\"},\"image\":{\"@id\":\"https:\/\/www.dinardemeraudetourisme.com\/de\/erlebnisse\/mit-der-familie\/die-grossen-sommerveranstaltungen-in-dinard-cote-demeraude\/#primaryimage\"},\"thumbnailUrl\":\"https:\/\/www.dinardemeraudetourisme.com\/app\/uploads\/2024\/04\/dinard-thibault-poriel-scaled.jpg\",\"datePublished\":\"2024-04-24T10:30:59+00:00\",\"dateModified\":\"2025-02-04T11:13:23+00:00\",\"breadcrumb\":{\"@id\":\"https:\/\/www.dinardemeraudetourisme.com\/de\/erlebnisse\/mit-der-familie\/die-grossen-sommerveranstaltungen-in-dinard-cote-demeraude\/#breadcrumb\"},\"inLanguage\":\"de-DE\",\"potentialAction\":[{\"@type\":\"ReadAction\",\"target\":[\"https:\/\/www.dinardemeraudetourisme.com\/de\/erlebnisse\/mit-der-familie\/die-grossen-sommerveranstaltungen-in-dinard-cote-demeraude\/\"]}]},{\"@type\":\"ImageObject\",\"inLanguage\":\"de-DE\",\"@id\":\"https:\/\/www.dinardemeraudetourisme.com\/de\/erlebnisse\/mit-der-familie\/die-grossen-sommerveranstaltungen-in-dinard-cote-demeraude\/#primaryimage\",\"url\":\"https:\/\/www.dinardemeraudetourisme.com\/app\/uploads\/2024\/04\/dinard-thibault-poriel-scaled.jpg\",\"contentUrl\":\"https:\/\/www.dinardemeraudetourisme.com\/app\/uploads\/2024\/04\/dinard-thibault-poriel-scaled.jpg\",\"width\":1707,\"height\":2560,\"caption\":\"Pointe de la Malouine\"},{\"@type\":\"WebSite\",\"@id\":\"https:\/\/www.dinardemeraudetourisme.com\/de\/#website\",\"url\":\"https:\/\/www.dinardemeraudetourisme.com\/de\/\",\"name\":\"Dinard \u00c9meraude Tourisme\",\"description\":\"\",\"potentialAction\":[{\"@type\":\"SearchAction\",\"target\":{\"@type\":\"EntryPoint\",\"urlTemplate\":\"https:\/\/www.dinardemeraudetourisme.com\/de\/?s={search_term_string}\"},\"query-input\":{\"@type\":\"PropertyValueSpecification\",\"valueRequired\":true,\"valueName\":\"search_term_string\"}}],\"inLanguage\":\"de-DE\"}]}<\/script>\n<!-- \/ Yoast SEO plugin. -->","yoast_head_json":{"title":"Die gro\u00dfen Sommerveranstaltungen in Dinard C\u00f4te d'\u00c9meraude - Dinard \u00c9meraude Tourisme","robots":{"index":"index","follow":"follow","max-snippet":"max-snippet:-1","max-image-preview":"max-image-preview:large","max-video-preview":"max-video-preview:-1"},"canonical":"https:\/\/www.dinardemeraudetourisme.com\/de\/erlebnisse\/mit-der-familie\/die-grossen-sommerveranstaltungen-in-dinard-cote-demeraude\/","og_locale":"de_DE","og_type":"article","og_title":"Die gro\u00dfen Sommerveranstaltungen in Dinard C\u00f4te d'\u00c9meraude - Dinard \u00c9meraude Tourisme","og_description":"Entdecken Sie die gro\u00dfen Sommerveranstaltungen in Dinard C\u00f4te d\u2019\u00c9meraude! Ob Sie sich f\u00fcr Musik, Kultur oder Outdoor-Aktivit\u00e4ten begeistern, Dinard bietet Ihnen ein Sommerprogramm voller Emotionen und Unterhaltung. Kommen Sie zu uns und erleben Sie gesellige Momente w\u00e4hrend der Sommerfeste in Dinard C\u00f4te d&#8217;\u00c9meraude! Konzerte und Festivals W\u00e4hrend der Sommermonate wird die Smaragdk\u00fcste mit den Kl\u00e4ngen [&hellip;]","og_url":"https:\/\/www.dinardemeraudetourisme.com\/de\/erlebnisse\/mit-der-familie\/die-grossen-sommerveranstaltungen-in-dinard-cote-demeraude\/","og_site_name":"Dinard \u00c9meraude Tourisme","article_modified_time":"2025-02-04T11:13:23+00:00","og_image":[{"width":1707,"height":2560,"url":"https:\/\/www.dinardemeraudetourisme.com\/app\/uploads\/2024\/04\/dinard-thibault-poriel-scaled.jpg","type":"image\/jpeg"}],"twitter_card":"summary_large_image","twitter_misc":{"Gesch\u00e4tzte Lesezeit":"3 minutes"},"schema":{"@context":"https:\/\/schema.org","@graph":[{"@type":"WebPage","@id":"https:\/\/www.dinardemeraudetourisme.com\/de\/erlebnisse\/mit-der-familie\/die-grossen-sommerveranstaltungen-in-dinard-cote-demeraude\/","url":"https:\/\/www.dinardemeraudetourisme.com\/de\/erlebnisse\/mit-der-familie\/die-grossen-sommerveranstaltungen-in-dinard-cote-demeraude\/","name":"Die gro\u00dfen Sommerveranstaltungen in Dinard C\u00f4te d'\u00c9meraude - Dinard \u00c9meraude Tourisme","isPartOf":{"@id":"https:\/\/www.dinardemeraudetourisme.com\/de\/#website"},"primaryImageOfPage":{"@id":"https:\/\/www.dinardemeraudetourisme.com\/de\/erlebnisse\/mit-der-familie\/die-grossen-sommerveranstaltungen-in-dinard-cote-demeraude\/#primaryimage"},"image":{"@id":"https:\/\/www.dinardemeraudetourisme.com\/de\/erlebnisse\/mit-der-familie\/die-grossen-sommerveranstaltungen-in-dinard-cote-demeraude\/#primaryimage"},"thumbnailUrl":"https:\/\/www.dinardemeraudetourisme.com\/app\/uploads\/2024\/04\/dinard-thibault-poriel-scaled.jpg","datePublished":"2024-04-24T10:30:59+00:00","dateModified":"2025-02-04T11:13:23+00:00","breadcrumb":{"@id":"https:\/\/www.dinardemeraudetourisme.com\/de\/erlebnisse\/mit-der-familie\/die-grossen-sommerveranstaltungen-in-dinard-cote-demeraude\/#breadcrumb"},"inLanguage":"de-DE","potentialAction":[{"@type":"ReadAction","target":["https:\/\/www.dinardemeraudetourisme.com\/de\/erlebnisse\/mit-der-familie\/die-grossen-sommerveranstaltungen-in-dinard-cote-demeraude\/"]}]},{"@type":"ImageObject","inLanguage":"de-DE","@id":"https:\/\/www.dinardemeraudetourisme.com\/de\/erlebnisse\/mit-der-familie\/die-grossen-sommerveranstaltungen-in-dinard-cote-demeraude\/#primaryimage","url":"https:\/\/www.dinardemeraudetourisme.com\/app\/uploads\/2024\/04\/dinard-thibault-poriel-scaled.jpg","contentUrl":"https:\/\/www.dinardemeraudetourisme.com\/app\/uploads\/2024\/04\/dinard-thibault-poriel-scaled.jpg","width":1707,"height":2560,"caption":"Pointe de la Malouine"},{"@type":"WebSite","@id":"https:\/\/www.dinardemeraudetourisme.com\/de\/#website","url":"https:\/\/www.dinardemeraudetourisme.com\/de\/","name":"Dinard \u00c9meraude Tourisme","description":"","potentialAction":[{"@type":"SearchAction","target":{"@type":"EntryPoint","urlTemplate":"https:\/\/www.dinardemeraudetourisme.com\/de\/?s={search_term_string}"},"query-input":{"@type":"PropertyValueSpecification","valueRequired":true,"valueName":"search_term_string"}}],"inLanguage":"de-DE"}]}},"_links":{"self":[{"href":"https:\/\/www.dinardemeraudetourisme.com\/de\/wp-json\/wp\/v2\/experiences\/12313","targetHints":{"allow":["GET"]}}],"collection":[{"href":"https:\/\/www.dinardemeraudetourisme.com\/de\/wp-json\/wp\/v2\/experiences"}],"about":[{"href":"https:\/\/www.dinardemeraudetourisme.com\/de\/wp-json\/wp\/v2\/types\/experiences"}],"wp:featuredmedia":[{"embeddable":true,"href":"https:\/\/www.dinardemeraudetourisme.com\/de\/wp-json\/wp\/v2\/media\/3910"}],"wp:attachment":[{"href":"https:\/\/www.dinardemeraudetourisme.com\/de\/wp-json\/wp\/v2\/media?parent=12313"}],"wp:term":[{"taxonomy":"voyageurs","embeddable":true,"href":"https:\/\/www.dinardemeraudetourisme.com\/de\/wp-json\/wp\/v2\/voyageurs?post=12313"},{"taxonomy":"saison","embeddable":true,"href":"https:\/\/www.dinardemeraudetourisme.com\/de\/wp-json\/wp\/v2\/saison?post=12313"}],"curies":[{"name":"wp","href":"https:\/\/api.w.org\/{rel}","templated":true}]}}